{"id":406,"date":"2018-03-23T22:01:42","date_gmt":"2018-03-23T21:01:42","guid":{"rendered":"http:\/\/www.drecksklub.de\/?page_id=406"},"modified":"2025-12-02T21:23:48","modified_gmt":"2025-12-02T20:23:48","slug":"termine","status":"publish","type":"page","link":"https:\/\/www.drecksklub.de\/?page_id=406","title":{"rendered":"Termine + Tickets"},"content":{"rendered":"<h1><strong>Dezember 2025<\/strong><\/h1>\n<p>Der n\u00e4chste Drecksklub findet am 12 + 13. 12. 2025 je 19:00 Uhr<\/p>\n<p>im <a href=\"https:\/\/www.dobbelino.de\/\" target=\"_blank\" rel=\"noopener\">Zirkus Dobbelino<\/a> | Schefflerstra\u00dfe 36 | in Braunschweig statt.<\/p>\n\n\n\n\n<h2><span style=\"background-color: #33cca1; color: #000000;\"><strong>Tickets<\/strong> ab 01.11.2025 Hier!\u00a0 \u00a0<\/span><\/h2>\n<p><strong>Freitag 12.12.2025 &#8211; 19:00 Uhr<\/strong> | Tickets: &#8212;&gt;\u00a0<a href=\"https:\/\/www.eventim-light.com\/de\/a\/66f27f3b84361e3e2c381982\/e\/690343c0ac6f162b51837979\" target=\"_blank\" rel=\"noopener\"><span style=\"background-color: #33cca1;\"> <strong>HIER<\/strong> <\/span><\/a>\u00a0&lt;&#8212;<\/p>\n<p><strong>Samstag 13.12.2025 &#8211; 19:00 Uhr<\/strong> | Tickets &#8212;&gt; <a href=\"https:\/\/www.eventim-light.com\/de\/a\/66f27f3b84361e3e2c381982\/e\/69034660747cf2650bc69c2d\"><strong><span style=\"background-color: #33cca1;\">HIER<\/span><\/strong><\/a> &lt;&#8212;<\/p>\n<h3><a href=\"http:\/\/www.wonderlendt.de\"><strong>Der Drecksklub<\/strong><\/a><br \/><a href=\"http:\/\/www.wonderlendt.de\"><strong>&#8211;<em> Mutter aller Missverst\u00e4ndnisse<\/em><\/strong><\/a><\/h3>\n<p><img loading=\"lazy\" decoding=\"async\" class=\"alignleft wp-image-700\" src=\"http:\/\/www.drecksklub.de\/wp-content\/uploads\/2025\/10\/AA_Flyer_Vorderseite_DK25-491x1024.jpg\" alt=\"\" width=\"245\" height=\"512\" srcset=\"https:\/\/www.drecksklub.de\/wp-content\/uploads\/2025\/10\/AA_Flyer_Vorderseite_DK25-491x1024.jpg 491w, https:\/\/www.drecksklub.de\/wp-content\/uploads\/2025\/10\/AA_Flyer_Vorderseite_DK25-144x300.jpg 144w, https:\/\/www.drecksklub.de\/wp-content\/uploads\/2025\/10\/AA_Flyer_Vorderseite_DK25-768x1603.jpg 768w, https:\/\/www.drecksklub.de\/wp-content\/uploads\/2025\/10\/AA_Flyer_Vorderseite_DK25-736x1536.jpg 736w, https:\/\/www.drecksklub.de\/wp-content\/uploads\/2025\/10\/AA_Flyer_Vorderseite_DK25-981x2048.jpg 981w, https:\/\/www.drecksklub.de\/wp-content\/uploads\/2025\/10\/AA_Flyer_Vorderseite_DK25-scaled.jpg 1227w\" sizes=\"(max-width: 245px) 100vw, 245px\" \/>Geh in den Drecksklub, haben sie gesagt. Wieder im Zirkuszelt, haben sie gesagt. Hast du genug Nerven, haben sie gefragt.<\/p>\n<p>Drecksklub: Hier ist Chaos Program, Krawall Tradition und die Live Band scheppert so hart, dass dir das eben gekaufte Popcorn im Halse stecken bleibt. Achja und dann singen auch noch alle. Du nennst das Musical? Wag es ja nicht!<\/p>\n<p>Und die Story? Ja, gibt&#8217;s: Mysteri\u00f6se Koffer, Missverst\u00e4ndnisse, tierische Eskapaden&#8230; Ist doch aber eh egal, was wir hier schreiben, du kommst doch sowieso vorbei! Denn du wei\u00dft du darfst dieses abgefahrene Spektakel nicht verpassen! Du musst dabei sein, wenn diese Bar im Moor wieder ihre T\u00fcren \u00f6ffnet und sich die altbekannten Gestalten und Stammg\u00e4ste in ihr n\u00e4chstes Desaster st\u00fcrzen.<\/p>\n<p>Der Drecksklub ist eine musikalische Serie \u00fcber eine Bar im Moor, die seit 2013 besteht. Eine Musik-Show der besonderen Art, ein Spiel mit musikalischen Genres, Skurrilit\u00e4t, Humor und schr\u00e4gen Typen. Ein eigent\u00fcmlicher Ort, an dem Theater, Musik und kreative Freiheit aufeinander prallen, um etwas wunderbar Absonderliches zu schaffen.<\/p>\n<p><em>Eine <a href=\"https:\/\/www.wonderlendt.de\">wonderlendt performance<\/a> von und mit Mirja Lendt sowie olafe., Klaus Ludwig Unger, Peter Scholz, Holger Denecke, Nadine Eckelt, annacutsculture,\u00a0 Silke Stephan, Julia Weidner, Antonio Carrozzo, Danylo Voronzbekher |\u00a0 Special Guests: Alexander Dorenberg und <a href=\"https:\/\/www.bitch-is-back.de\/\" target=\"_blank\" rel=\"noopener\">Bitch is Back:<\/a> Britta Breuckmann, Jens Duckstein, Torsten Lutz | Technik: David Berryman von Two Minds Solution und Torsten Hinz<\/em><\/p>\n<p><em>Gef\u00f6rdert von Stadt Braunschweig, Braunschweigische Sparkassenstiftung, Dachverband Freie Darstellende K\u00fcnste Braunschweig, Dr. Kurt und Ruth Gahnz Stiftung<\/em><\/p>\n<p>Gro\u00dfen Dank f\u00fcr die Unterst\u00fctzung an: <a href=\"https:\/\/tms-bs.de\/\" target=\"_blank\" rel=\"noopener\">Two Minds Solution\u00a0<\/a><\/p>\n<p>\u00a0<\/p>\n\n\n\n<h1>&nbsp;<\/h1>\n<h1><strong>August 2025<\/strong><\/h1>\n<h3>Samstag 02.08. um 19:30 Uhr Open air Der Drecksklub<\/h3>\n<p><span style=\"background-color: #99cc00;\">Tickets<strong>: <\/strong><\/span><strong><span style=\"background-color: #ffffff;\">0<\/span>2. August 2025-&nbsp; <\/strong><a href=\"https:\/\/daskult-theater.billeto.net\/basket\/event\/7\/-1655513051\" data-wplink-edit=\"true\"><span style=\"background-color: #99cc00;\">HIER<\/span><\/a><\/p>\n<p><strong>Einlass ab 18:00 Uhr, Gourmet-Essen-Angebot<\/strong><\/p>\n<p><strong><img loading=\"lazy\" decoding=\"async\" class=\"size-medium wp-image-659 alignleft\" src=\"http:\/\/www.drecksklub.de\/wp-content\/uploads\/2019\/01\/cropped-48361620_2183098748390307_1441499562656137216_o-300x300.jpg\" alt=\"\" width=\"300\" height=\"300\" srcset=\"https:\/\/www.drecksklub.de\/wp-content\/uploads\/2019\/01\/cropped-48361620_2183098748390307_1441499562656137216_o-300x300.jpg 300w, https:\/\/www.drecksklub.de\/wp-content\/uploads\/2019\/01\/cropped-48361620_2183098748390307_1441499562656137216_o-150x150.jpg 150w, https:\/\/www.drecksklub.de\/wp-content\/uploads\/2019\/01\/cropped-48361620_2183098748390307_1441499562656137216_o-100x100.jpg 100w, https:\/\/www.drecksklub.de\/wp-content\/uploads\/2019\/01\/cropped-48361620_2183098748390307_1441499562656137216_o-270x270.jpg 270w, https:\/\/www.drecksklub.de\/wp-content\/uploads\/2019\/01\/cropped-48361620_2183098748390307_1441499562656137216_o-192x192.jpg 192w, https:\/\/www.drecksklub.de\/wp-content\/uploads\/2019\/01\/cropped-48361620_2183098748390307_1441499562656137216_o-180x180.jpg 180w, https:\/\/www.drecksklub.de\/wp-content\/uploads\/2019\/01\/cropped-48361620_2183098748390307_1441499562656137216_o-32x32.jpg 32w, https:\/\/www.drecksklub.de\/wp-content\/uploads\/2019\/01\/cropped-48361620_2183098748390307_1441499562656137216_o.jpg 512w\" sizes=\"(max-width: 300px) 100vw, 300px\" \/>Der Drecksklub LIVE \u2013 Sommerfest im <a href=\"https:\/\/www.daskult-theater.de\/willkommen.html\" data-wplink-edit=\"true\">KULT Theater<\/a><\/strong><\/p>\n<p>Der Drecksklub verl\u00e4sst seine ber\u00fcchtigte Bar im Moor und st\u00fcrzt sich kopf\u00fcber auf die Kult Sommerb\u00fchne. Seit \u00fcber einem Jahrzehnt begeistert die Show mit einer einzigartigen Mischung aus schr\u00e4gen Charakteren, absonderlichen Wendungen und Live-Musik, die direkt unter die Haut geht. Kein gew\u00f6hnlicher Abend! Stattdessen erwartet euch eine Band, die sich nicht scheut Genregrenzen zu \u00fcberschreiten: von Rock \u00fcber Swing, Pop und Chanson \u2013 die Show wirbelt durch die Genres wie sie will, von schr\u00e4g und humorvoll bis episch und emotional. Dazu kommen die altbekannten Figuren und Bar-Stammg\u00e4ste, deren Geschichten ebenso skurril wie am\u00fcsant sind.<\/p>\n<p>Denn: Der Drecksklub bringt den Trash auf die B\u00fchne, das Drama ins Rampenlicht und das Herz auf die Zunge. Hier prallen Theater, Musik und kreative Freiheit aufeinander, um etwas wunderbar Absonderliches zu erschaffen. Join the mess, embrace the fest!<\/p>\n<p><em>Der Drecksklub ist eine Veranstaltung von <a href=\"http:\/\/www.wonderlendt.de\" target=\"_blank\" rel=\"noopener\">wonderlendt performances<\/a>.<\/em><\/p>\n<p>&nbsp;<\/p>\n\n\n\n<h1><strong>Dezember 2024<\/strong><\/h1>\n<p>Der n\u00e4chste Drecksklub findet am 06 + 07. 12&nbsp; je 19:00 Uhr im <a href=\"https:\/\/www.dobbelino.de\/\" target=\"_blank\" rel=\"noopener\">Zirkus Dobbelino<\/a> | Schefflerstra\u00dfe 36 | in Braunschweig statt.<\/p>\n<h3><span style=\"background-color: #99cc00; color: #000000;\">Tickets<\/span><\/h3>\n<p><strong>06. Dezember 2024<\/strong> &#8211; 19:00 Uhr&nbsp;&nbsp; <a href=\"https:\/\/www.eventim-light.com\/de\/a\/66f27f3b84361e3e2c381982\/e\/66f3c773e149337b7553a8cc\" target=\"_blank\" rel=\"noopener\"><span style=\"background-color: #99cc00;\">HIER<\/span><\/a><\/p>\n<p><strong>07. Dezember 2024<\/strong> &#8211; 19:00 Uhr <a href=\"https:\/\/www.eventim-light.com\/de\/a\/66f27f3b84361e3e2c381982\/e\/66f3e0f5e149337b7553b1c1\" target=\"_blank\" rel=\"noopener\"><span style=\"background-color: #99cc00;\">HIER<\/span><\/a><\/p>\n<p><img loading=\"lazy\" decoding=\"async\" class=\"wp-image-662 alignleft\" src=\"http:\/\/www.drecksklub.de\/wp-content\/uploads\/2024\/10\/Flyer_DK_Dez_2024_02-522x1024.jpg\" alt=\"\" width=\"261\" height=\"512\" srcset=\"https:\/\/www.drecksklub.de\/wp-content\/uploads\/2024\/10\/Flyer_DK_Dez_2024_02-522x1024.jpg 522w, https:\/\/www.drecksklub.de\/wp-content\/uploads\/2024\/10\/Flyer_DK_Dez_2024_02-153x300.jpg 153w, https:\/\/www.drecksklub.de\/wp-content\/uploads\/2024\/10\/Flyer_DK_Dez_2024_02-768x1508.jpg 768w, https:\/\/www.drecksklub.de\/wp-content\/uploads\/2024\/10\/Flyer_DK_Dez_2024_02-782x1536.jpg 782w, https:\/\/www.drecksklub.de\/wp-content\/uploads\/2024\/10\/Flyer_DK_Dez_2024_02-1043x2048.jpg 1043w, https:\/\/www.drecksklub.de\/wp-content\/uploads\/2024\/10\/Flyer_DK_Dez_2024_02-scaled.jpg 1304w\" sizes=\"(max-width: 261px) 100vw, 261px\" \/>Geh in den Drecksklub, haben sie gesagt. Der findet diesmal im Zirkuszelt statt, haben sie gesagt. Du wirst es nicht bereuen, haben sie gesagt&#8230; oder doch?<\/p>\n<p>Der Drecksklub ist eine musikalische Serie \u00fcber eine Bar im Moor, die seit 2013 besteht. Eine Musik-Show der besonderen Art, ein Spiel mit musikalischen Genres, Skurrilit\u00e4t, Humor und schr\u00e4gen Typen. Ein eigent\u00fcmlicher Ort, an dem Theater, Musik und kreative Freiheit aufeinander prallen, um etwas wunderbar Absonderliches zu schaffen.<\/p>\n<p>&#8222;O schaurig ist&#8217;s \u00fcbers Moor zu gehen&#8230;&#8220; vor allem, wenn da irgendwo diese eine lausige Bar steht, der du seit 10 Jahren nicht entfliehen kannst. Eine Bar, die dir dein hart verdientes Kleingeld aus den Taschen zieht, w\u00e4hrend dort verrohte Gestalten abh\u00e4ngen und dann auch noch anfangen zu singen&#8230;&nbsp; Naja, zumindest ist das Bier sch\u00f6n warm.<\/p>\n<p><em><a href=\"http:\/\/www.wonderlendt.de\" target=\"_blank\" rel=\"noopener\">wonderlendt performances<\/a> pr\u00e4sentiert:&nbsp; &gt;&gt; Der Drecksklub &#8211; im Zirkus! &lt;&lt; in Kooperation mit dem <a href=\"https:\/\/www.tpz-bs.de\/\" target=\"_blank\" rel=\"noopener\">Spielraum TPZ<\/a> und der<a href=\"https:\/\/www.neuerkerode.de\/ueber-uns\" target=\"_blank\" rel=\"noopener\"> Evangelischen Stiftung Neuerkerode<\/a> sowie dem <a href=\"https:\/\/www.neuerkerode.de\/leben\/theater-endlich\" target=\"_blank\" rel=\"noopener\">Theater Endlich<\/a>, das ma\u00dfgeblich an der Story mitarbeitete. <\/em><\/p>\n<p><em>Von und mit Mirja Lendt sowie olafe., Klaus Ludwig Unger, Peter Scholz, Holger Denecke, Nadine Eckelt, Anna-Katharina Lendt, Alexander Dorenberg, Silke Stephan, Julia Weidner, Helena Timmermann, Thomas Kleinert und das Theater Endlich Ensemble | Assistenz: Yasmin Streckrodt | Kost\u00fcme: Else Castrian, Sabine Niemczyk | Fotos: Oliver Schirmer |<br \/><\/em><\/p>\n<p><em>Gef\u00f6rdert von Stiftung Braunschweigischer Kulturbesitz, Die Braunschweigische Stiftung, Dachverband Freie Darstellende K\u00fcnste Braunschweig<\/em><\/p>\n<p>&nbsp;<\/p>\n<h1><strong>M\u00e4rz 2024<\/strong><\/h1>\n\n\n\n<p>Der n\u00e4chste Drecksklub findet am 08. |09. | 14. | 15. | 16. M\u00e4rz je 19:00 Uhr im<a rel=\"noreferrer noopener\" href=\"https:\/\/www.lot-theater.de\/neu\/programm\/la-bumm-die-fete-der-drecksklub-5\/\" target=\"_blank\"> LOT Theater<\/a> Braunschweig statt. <\/p>\n\n\n<div class=\"wp-block-image\">\n<figure class=\"alignleft size-large is-resized\"><a href=\"http:\/\/www.drecksklub.de\/wp-content\/uploads\/2024\/02\/Flyer_DK_LaBummVorne_Maerz_24_JPG_klein.jpg\"><img loading=\"lazy\" decoding=\"async\" width=\"522\" height=\"1024\" src=\"http:\/\/www.drecksklub.de\/wp-content\/uploads\/2024\/02\/Flyer_DK_LaBummVorne_Maerz_24_JPG_klein-522x1024.jpg\" alt=\"Der Drecksklub\" class=\"wp-image-628\" style=\"width:261px;height:512px\" srcset=\"https:\/\/www.drecksklub.de\/wp-content\/uploads\/2024\/02\/Flyer_DK_LaBummVorne_Maerz_24_JPG_klein-522x1024.jpg 522w, https:\/\/www.drecksklub.de\/wp-content\/uploads\/2024\/02\/Flyer_DK_LaBummVorne_Maerz_24_JPG_klein-153x300.jpg 153w, https:\/\/www.drecksklub.de\/wp-content\/uploads\/2024\/02\/Flyer_DK_LaBummVorne_Maerz_24_JPG_klein-768x1508.jpg 768w, https:\/\/www.drecksklub.de\/wp-content\/uploads\/2024\/02\/Flyer_DK_LaBummVorne_Maerz_24_JPG_klein-782x1536.jpg 782w, https:\/\/www.drecksklub.de\/wp-content\/uploads\/2024\/02\/Flyer_DK_LaBummVorne_Maerz_24_JPG_klein.jpg 1000w\" sizes=\"(max-width: 522px) 100vw, 522px\" \/><\/a><\/figure><\/div>\n\n\n<p>\u201eDreck ist my reality, the only Art of real fantasy\u201c! 10 Jahre Drecksklub\u2026 oder waren\u2018s 100? Und jetzt willst du nat\u00fcrlich, dass wir das feiern!? Kannst du dir das \u00fcberhaupt leisten? Denkst du, die sch\u00e4bige Hausband gibt sich daf\u00fcr M\u00fche? Glaubst du, \u201eOdius die Kr\u00f6te\u201c oder \u201eWilma die Walze\u201c bereiten irgendwas Besonderes f\u00fcr dich vor? Meinst du, \u201eBarfly\u201c, \u201eHirschkuh\u201c oder \u201eKakerlake\u201c h\u00e4ngen daf\u00fcr Girlanden auf? Janus schreibt dir ein Gedicht? Denkst du, \u201eMorja \u2013 Das Irrlicht \u00fcber den S\u00fcmpfen\u201c singt und schmei\u00dft dir Konfetti ins Gesicht?<\/p>\n\n\n\n<p>Wahrscheinlich.<\/p>\n\n\n\n<p>Die Veranstaltung findet im LOT Theater: B\u00fchne ihm Quartier statt. <\/p>\n\n\n\n<p><span class=\"LrzXr\">St. Leonhard 2a, 38102 Braunschweig<\/span>. Karten: <a href=\"https:\/\/www.lot-theater.de\/neu\/programm\/la-bumm-die-fete-der-drecksklub-5\/\" target=\"_blank\" rel=\"noreferrer noopener\">HIER<\/a><\/p>\n\n\n\n<h1 class=\"wp-block-heading\"><strong>Dezember 2023<\/strong> <\/h1>\n\n\n\n<h4>!!!&nbsp; F\u00c4LLT AUS !!!<\/h4>\n\n\n\n<p>Die neuen Termine werden demn\u00e4chst bekannt gegeben. Die Karten behalten ihre G\u00fcltigkeit oder k\u00f6nnen im LOT-Theater zur\u00fcck gegeben werden.<\/p>\n\n\n\n<p><s>08. | 09. | 14. | 15. | 16. &#8211; 19:00 Uhr<\/s><\/p>\n\n\n\n<p><strong>10 Jahre Der Drecksklub: LA BUMM &#8211; Die Fete<\/strong><\/p>\n\n\n\n<p>Die Veranstaltung findet im LOT Theater: B\u00fchne ihm Quartier statt. <\/p>\n\n\n\n<p><span class=\"LrzXr\">St. Leonhard 2a, 38102 Braunschweig<\/span>. Karten: <a href=\"https:\/\/www.lot-theater.de\/St%C3%BCck\/la-bumm-die-fete-der-drecksklub\/\" target=\"_blank\" rel=\"noreferrer noopener\">HIER! <\/a><\/p>\n\n\n\n<p><\/p>\n\n\n\n<figure class=\"wp-block-image size-full\"><a href=\"http:\/\/www.drecksklub.de\/wp-content\/uploads\/2023\/11\/Flyer_DK_LaBummVorne_KLEINklein.jpg\"><img loading=\"lazy\" decoding=\"async\" width=\"255\" height=\"500\" src=\"http:\/\/www.drecksklub.de\/wp-content\/uploads\/2023\/11\/Flyer_DK_LaBummVorne_KLEINklein.jpg\" alt=\"\" class=\"wp-image-620\" srcset=\"https:\/\/www.drecksklub.de\/wp-content\/uploads\/2023\/11\/Flyer_DK_LaBummVorne_KLEINklein.jpg 255w, https:\/\/www.drecksklub.de\/wp-content\/uploads\/2023\/11\/Flyer_DK_LaBummVorne_KLEINklein-153x300.jpg 153w\" sizes=\"(max-width: 255px) 100vw, 255px\" \/><\/a><\/figure>\n\n\n\n<p><\/p>\n\n\n\n<p><\/p>\n\n\n\n<h1 class=\"wp-block-heading\"><strong>Dezember 2022<\/strong><\/h1>\n\n\n\n<p><\/p>\n\n\n\n<p><span style=\"font-size: 24px;\">09. | 10. | 11. | 21. | 22. &#8211; 19:00 Uhr<\/span><\/p>\n\n\n\n<h4 class=\"wp-block-heading\">ACHTUNG! Diese Veranstaltung findet nicht im LOT-Theater sondern im <span style=\"color: #ff0000;\"><a style=\"color: #ff0000;\" href=\"https:\/\/www.brunsviga-kulturzentrum.de\/de\/buehne.html#content\" target=\"_blank\" rel=\"noopener\">Kulturzentrum Brunsviga<\/a> <\/span>statt!<\/h4>\n\n\n<div class=\"wp-block-image\">\n<figure class=\"alignleft\"><img loading=\"lazy\" decoding=\"async\" width=\"153\" height=\"300\" src=\"http:\/\/www.drecksklub.de\/wp-content\/uploads\/2022\/10\/KLEIN_Flyer_DK_LiedvDreck_Vorne-153x300.jpg\" alt=\"\" class=\"wp-image-595\" srcset=\"https:\/\/www.drecksklub.de\/wp-content\/uploads\/2022\/10\/KLEIN_Flyer_DK_LiedvDreck_Vorne-153x300.jpg 153w, https:\/\/www.drecksklub.de\/wp-content\/uploads\/2022\/10\/KLEIN_Flyer_DK_LiedvDreck_Vorne.jpg 306w\" sizes=\"(max-width: 153px) 100vw, 153px\" \/><\/figure><\/div>\n\n\n<p><strong>Der Drecksklub \u2013 Spiel mir das Lied vom Dreck<\/strong><\/p>\n\n\n\n<p>F\u00fcr eine handvoll Kr\u00f6ten spielen wir alles: Country UND Western! Wir sind die glorreichen 14! Im High Noon spielen wir auch Rock oder Jazz oder was wir wollen am Rio Oker \u2013 dead or alive! Wir haben 6 F\u00e4uste, 2 Tentakel, mehrere Pfoten und viele F\u00fchler f\u00fcr ein Halleluja. Wir sind der Dreck!<\/p>\n\n\n\n<p>&#8230;. <span style=\"color: #ff0000;\">KARTEN<\/span> und weitere INFOs hier: <a href=\"https:\/\/www.lot-theater.de\/St%C3%BCck\/der-drecksklub-spiel-mir-das-lied-vom-dreck-agentur-t\/\" target=\"_blank\" rel=\"noopener\">LOT-Theater<\/a><\/p>\n\n\n\n<p><strong><span style=\"font-size: 24px;\">M\u00e4rz 2022<\/span> <\/strong><\/p>\n\n\n\n<p>Liebe Drecksklubfans, Morjaverehrer*nnen, Wilma-Abh\u00e4ngige, Odiusver\u00e4chter*innen, Stammgast-Anh\u00e4nger&#8230;.<\/p>\n\n\n\n<p>Wie versprochen findet der Drecksklub &#8222;Die Wiederer\u00f6ffnung&#8220; im M\u00e4rz statt:<\/p>\n\n\n\n<p>17. &#8211; 20.03 je 19:00 Uhr<\/p>\n\n\n\n<p>Infos, Karten &#8211; hier: <a href=\"https:\/\/www.lot-theater.de\/St%C3%BCck\/der-drecksklub-die-wiedereroeffnung-agentur-t-2\/\" target=\"_blank\" rel=\"noopener\">LOT-Theater<\/a><\/p>\n\n\n\n<figure class=\"wp-block-image\"><img loading=\"lazy\" decoding=\"async\" width=\"300\" height=\"200\" src=\"http:\/\/www.drecksklub.de\/wp-content\/uploads\/2021\/12\/Absage-1-300x200.jpg\" alt=\"\" class=\"wp-image-587\" srcset=\"https:\/\/www.drecksklub.de\/wp-content\/uploads\/2021\/12\/Absage-1-300x200.jpg 300w, https:\/\/www.drecksklub.de\/wp-content\/uploads\/2021\/12\/Absage-1-768x512.jpg 768w, https:\/\/www.drecksklub.de\/wp-content\/uploads\/2021\/12\/Absage-1-1024x683.jpg 1024w\" sizes=\"(max-width: 300px) 100vw, 300px\" \/><\/figure>\n\n\n\n<p><span style=\"font-size: 24px;\"><strong>Dezember 2021 <\/strong><\/span><\/p>\n\n\n<div class=\"wp-block-image\">\n<figure class=\"alignleft\"><img loading=\"lazy\" decoding=\"async\" width=\"153\" height=\"300\" src=\"http:\/\/www.drecksklub.de\/wp-content\/uploads\/2021\/12\/Flyer_DK_Wiederer\u00f6ffnung_klein-153x300.jpg\" alt=\"\" class=\"wp-image-584\" srcset=\"https:\/\/www.drecksklub.de\/wp-content\/uploads\/2021\/12\/Flyer_DK_Wiederer\u00f6ffnung_klein-153x300.jpg 153w, https:\/\/www.drecksklub.de\/wp-content\/uploads\/2021\/12\/Flyer_DK_Wiederer\u00f6ffnung_klein.jpg 200w\" sizes=\"(max-width: 153px) 100vw, 153px\" \/><\/figure><\/div>\n\n\n<div class=\"\" dir=\"auto\">\n<div class=\"\" dir=\"auto\">\n<div class=\"ecm0bbzt hv4rvrfc ihqw7lf3 dati1w0a\" data-ad-comet-preview=\"message\" data-ad-preview=\"message\">\n<div class=\"j83agx80 cbu4d94t ew0dbk1b irj2b8pg\">\n<div class=\"qzhwtbm6 knvmm38d\">\n<div class=\"kvgmc6g5 cxmmr5t8 oygrvhab hcukyx3x c1et5uql ii04i59q\">\n<div dir=\"auto\">Liebe Drecksklubfans, Morjaverehrer*nnen, Wilma-Abh\u00e4ngige, Odiusver\u00e4chter*innen, Stammgast-Anh\u00e4nger&#8230;.<\/div>\n<div dir=\"auto\">nach langem \u00dcberlegen haben wir uns entschlossen, auch in diesem Jahr den Drecksklub zu verschieben. Wir haben es uns nicht leicht gemacht, aber die Summe von Dingen (Allgemein steigende Zahlen, m\u00f6gliche Warnstufe 3, verantwortungsvolle Signalwirkung, 18 Leute hinter der B\u00fchne, mitwirkende Menschen aus Einrichtungen, diverse unter uns bereits kursierende andere Viren) hat uns schlie\u00dflich dazu bewogen.<\/div>\n<div dir=\"auto\">Aber wir kommen wieder: In der Woche vom 14. bis 20.3.2022 werden die Auff\u00fchrungen Nachgeholt!\u00a0Die genauen Auftrittstermine werden sp\u00e4ter bekannt gegeben. Info zur Kartenr\u00fcckgabe findet ihr auf <a class=\"oajrlxb2 g5ia77u1 qu0x051f esr5mh6w e9989ue4 r7d6kgcz rq0escxv nhd2j8a9 nc684nl6 p7hjln8o kvgmc6g5 cxmmr5t8 oygrvhab hcukyx3x jb3vyjys rz4wbd8a qt6c0cv9 a8nywdso i1ao9s8h esuyzwwr f1sip0of lzcic4wl py34i1dx gpro0wi8\" tabindex=\"0\" role=\"link\" href=\"http:\/\/www.lot-theater.de\/?fbclid=IwAR1COUkYUrUHqVS6wZOHHEUzzFtKva4zRzxRoLf36nfPoNE6HxGUVLGHDRU\" target=\"_blank\" rel=\"nofollow noopener\">www.lot-theater.de <\/a><\/div>\n<div dir=\"auto\">Dreckige Gr\u00fc\u00dfe aus dem Moor:<\/div>\n<div dir=\"auto\">Der Drecksklub<\/div>\n<\/div>\n<\/div>\n<\/div>\n<\/div>\n<\/div>\n<\/div>\n\n\n\n<p><span style=\"font-size: 24px;\"><strong>Mai 2021 <\/strong><\/span><\/p>\n\n\n\n<p>Leider muss auch der Drecksklub im Mai 2021 Corona-bedingt ausfallen. Wir hoffen auf den Dezember 2021!<\/p>\n\n\n\n<figure class=\"wp-block-image\"><img loading=\"lazy\" decoding=\"async\" width=\"153\" height=\"300\" src=\"http:\/\/www.drecksklub.de\/wp-content\/uploads\/2021\/03\/FacebookpostAusfall_klein-153x300.jpg\" alt=\"\" class=\"wp-image-575\" srcset=\"https:\/\/www.drecksklub.de\/wp-content\/uploads\/2021\/03\/FacebookpostAusfall_klein-153x300.jpg 153w, https:\/\/www.drecksklub.de\/wp-content\/uploads\/2021\/03\/FacebookpostAusfall_klein.jpg 306w\" sizes=\"(max-width: 153px) 100vw, 153px\" \/><\/figure>\n","protected":false},"excerpt":{"rendered":"<p>Dezember 2025 Der n\u00e4chste Drecksklub findet am 12 + 13. 12. 2025 je 19:00 Uhr im Zirkus Dobbelino | Schefflerstra\u00dfe 36 | in Braunschweig statt. Tickets ab 01.11.2025 Hier!\u00a0 \u00a0 Freitag 12.12.2025 &#8211; 19:00 Uhr | Tickets: &#8212;&gt;\u00a0 HIER \u00a0&lt;&#8212; Samstag 13.12.2025 &#8211; 19:00 Uhr | Tickets &#8212;&gt; HIER &lt;&#8212; Der Drecksklub&#8211; Mutter aller Missverst\u00e4ndnisse &hellip; <\/p>\n<p class=\"link-more\"><a href=\"https:\/\/www.drecksklub.de\/?page_id=406\" class=\"more-link\"><span class=\"screen-reader-text\">\u201eTermine + Tickets\u201c<\/span> weiterlesen<\/a><\/p>\n","protected":false},"author":1,"featured_media":0,"parent":0,"menu_order":3,"comment_status":"closed","ping_status":"closed","template":"","meta":{"footnotes":""},"class_list":["post-406","page","type-page","status-publish","hentry"],"_links":{"self":[{"href":"https:\/\/www.drecksklub.de\/index.php?rest_route=\/wp\/v2\/pages\/406"}],"collection":[{"href":"https:\/\/www.drecksklub.de\/index.php?rest_route=\/wp\/v2\/pages"}],"about":[{"href":"https:\/\/www.drecksklub.de\/index.php?rest_route=\/wp\/v2\/types\/page"}],"author":[{"embeddable":true,"href":"https:\/\/www.drecksklub.de\/index.php?rest_route=\/wp\/v2\/users\/1"}],"replies":[{"embeddable":true,"href":"https:\/\/www.drecksklub.de\/index.php?rest_route=%2Fwp%2Fv2%2Fcomments&post=406"}],"version-history":[{"count":76,"href":"https:\/\/www.drecksklub.de\/index.php?rest_route=\/wp\/v2\/pages\/406\/revisions"}],"predecessor-version":[{"id":731,"href":"https:\/\/www.drecksklub.de\/index.php?rest_route=\/wp\/v2\/pages\/406\/revisions\/731"}],"wp:attachment":[{"href":"https:\/\/www.drecksklub.de\/index.php?rest_route=%2Fwp%2Fv2%2Fmedia&parent=406"}],"curies":[{"name":"wp","href":"https:\/\/api.w.org\/{rel}","templated":true}]}}