{"id":50,"date":"2017-11-20T14:55:16","date_gmt":"2017-11-20T13:55:16","guid":{"rendered":"https:\/\/drecksklub.wordpress.com\/?page_id=50"},"modified":"2025-12-29T22:52:38","modified_gmt":"2025-12-29T21:52:38","slug":"historie","status":"publish","type":"page","link":"https:\/\/www.drecksklub.de\/?page_id=50","title":{"rendered":"Historie"},"content":{"rendered":"<h1><strong>Chronologie des Drecks<\/strong><\/h1>\n<p><strong>seit 2013<\/strong><\/p>\n<p><strong>Flyeransichten<\/strong><\/p>\n<p>Zur Vergr\u00f6\u00dferung auf den Flyer klicken.<\/p>\n<table style=\"width: 86.3925%; height: 1891px;\">\n<tbody>\n<tr>\n<td style=\"width: 276.417px;\"><strong>2025<\/strong><\/td>\n<td style=\"width: 284.433px;\"><\/td>\n<\/tr>\n<tr>\n<td style=\"width: 276.417px;\"><a href=\"http:\/\/www.drecksklub.de\/wp-content\/uploads\/2025\/12\/AA_Flyer_Vorderseite_DK25-scaled.jpg\"><img loading=\"lazy\" decoding=\"async\" class=\"alignnone wp-image-772\" src=\"http:\/\/www.drecksklub.de\/wp-content\/uploads\/2025\/12\/AA_Flyer_Vorderseite_DK25-153x300.jpg\" alt=\"\" width=\"31\" height=\"61\" srcset=\"https:\/\/www.drecksklub.de\/wp-content\/uploads\/2025\/12\/AA_Flyer_Vorderseite_DK25-153x300.jpg 153w, https:\/\/www.drecksklub.de\/wp-content\/uploads\/2025\/12\/AA_Flyer_Vorderseite_DK25-522x1024.jpg 522w, https:\/\/www.drecksklub.de\/wp-content\/uploads\/2025\/12\/AA_Flyer_Vorderseite_DK25-768x1508.jpg 768w, https:\/\/www.drecksklub.de\/wp-content\/uploads\/2025\/12\/AA_Flyer_Vorderseite_DK25-782x1536.jpg 782w, https:\/\/www.drecksklub.de\/wp-content\/uploads\/2025\/12\/AA_Flyer_Vorderseite_DK25-scaled.jpg 1304w\" sizes=\"(max-width: 31px) 100vw, 31px\" \/><\/a><\/td>\n<td style=\"width: 284.433px;\">(23) Der Drecksklub &#8211; Mutter aller Missverst\u00e4ndnisse\u00a0 (Dez 25)<\/td>\n<\/tr>\n<tr>\n<td style=\"width: 276.417px;\"><strong> <a href=\"http:\/\/www.drecksklub.de\/wp-content\/uploads\/2025\/12\/DK_Sommerbuehne_Insta2.png\"><img loading=\"lazy\" decoding=\"async\" class=\"alignnone wp-image-775\" src=\"http:\/\/www.drecksklub.de\/wp-content\/uploads\/2025\/12\/DK_Sommerbuehne_Insta2-240x300.png\" alt=\"\" width=\"31\" height=\"39\" srcset=\"https:\/\/www.drecksklub.de\/wp-content\/uploads\/2025\/12\/DK_Sommerbuehne_Insta2-240x300.png 240w, https:\/\/www.drecksklub.de\/wp-content\/uploads\/2025\/12\/DK_Sommerbuehne_Insta2-819x1024.png 819w, https:\/\/www.drecksklub.de\/wp-content\/uploads\/2025\/12\/DK_Sommerbuehne_Insta2-768x960.png 768w, https:\/\/www.drecksklub.de\/wp-content\/uploads\/2025\/12\/DK_Sommerbuehne_Insta2.png 1080w\" sizes=\"(max-width: 31px) 100vw, 31px\" \/><\/a><\/strong><\/td>\n<td style=\"width: 284.433px;\">Der Drecksklub LIVE &#8211; Sommerfest im KULT Theater (August 25)<\/td>\n<\/tr>\n<tr style=\"height: 20px;\">\n<td style=\"width: 276.417px; height: 20px;\"><strong>2024<\/strong><\/td>\n<td style=\"width: 284.433px; height: 20px;\"><\/td>\n<\/tr>\n<tr>\n<td style=\"width: 276.417px;\"><strong><a href=\"http:\/\/www.drecksklub.de\/wp-content\/uploads\/2024\/10\/Flyer_DK_Dez_2024_02-scaled.jpg\" target=\"_blank\" rel=\"noopener\"><img loading=\"lazy\" decoding=\"async\" class=\"alignleft wp-image-662\" src=\"http:\/\/www.drecksklub.de\/wp-content\/uploads\/2024\/10\/Flyer_DK_Dez_2024_02-153x300.jpg\" alt=\"\" width=\"31\" height=\"61\" srcset=\"https:\/\/www.drecksklub.de\/wp-content\/uploads\/2024\/10\/Flyer_DK_Dez_2024_02-153x300.jpg 153w, https:\/\/www.drecksklub.de\/wp-content\/uploads\/2024\/10\/Flyer_DK_Dez_2024_02-522x1024.jpg 522w, https:\/\/www.drecksklub.de\/wp-content\/uploads\/2024\/10\/Flyer_DK_Dez_2024_02-768x1508.jpg 768w, https:\/\/www.drecksklub.de\/wp-content\/uploads\/2024\/10\/Flyer_DK_Dez_2024_02-782x1536.jpg 782w, https:\/\/www.drecksklub.de\/wp-content\/uploads\/2024\/10\/Flyer_DK_Dez_2024_02-1043x2048.jpg 1043w, https:\/\/www.drecksklub.de\/wp-content\/uploads\/2024\/10\/Flyer_DK_Dez_2024_02-scaled.jpg 1304w\" sizes=\"(max-width: 31px) 100vw, 31px\" \/><\/a><\/strong><\/td>\n<td style=\"width: 284.433px;\">(22) Der Drecksklub &#8211; im Zirkus!<\/td>\n<\/tr>\n<tr style=\"height: 65px;\">\n<td style=\"width: 276.417px; height: 65px;\"><strong><a href=\"http:\/\/www.drecksklub.de\/wp-content\/uploads\/2024\/02\/Flyer_DK_LaBummVorne_Maerz_24_JPG_klein.jpg\" target=\"_blank\" rel=\"noopener\"><img loading=\"lazy\" decoding=\"async\" class=\"alignnone wp-image-628\" src=\"http:\/\/www.drecksklub.de\/wp-content\/uploads\/2024\/02\/Flyer_DK_LaBummVorne_Maerz_24_JPG_klein-153x300.jpg\" alt=\"\" width=\"31\" height=\"61\" srcset=\"https:\/\/www.drecksklub.de\/wp-content\/uploads\/2024\/02\/Flyer_DK_LaBummVorne_Maerz_24_JPG_klein-153x300.jpg 153w, https:\/\/www.drecksklub.de\/wp-content\/uploads\/2024\/02\/Flyer_DK_LaBummVorne_Maerz_24_JPG_klein-522x1024.jpg 522w, https:\/\/www.drecksklub.de\/wp-content\/uploads\/2024\/02\/Flyer_DK_LaBummVorne_Maerz_24_JPG_klein-768x1508.jpg 768w, https:\/\/www.drecksklub.de\/wp-content\/uploads\/2024\/02\/Flyer_DK_LaBummVorne_Maerz_24_JPG_klein-782x1536.jpg 782w, https:\/\/www.drecksklub.de\/wp-content\/uploads\/2024\/02\/Flyer_DK_LaBummVorne_Maerz_24_JPG_klein.jpg 1000w\" sizes=\"(max-width: 31px) 100vw, 31px\" \/><\/a><\/strong><\/td>\n<td style=\"width: 284.433px; height: 65px;\">(21) Der Drecksklub &#8211; La Bumm, die Fete (M\u00e4rz 24)<\/td>\n<\/tr>\n<tr style=\"height: 20px;\">\n<td style=\"width: 276.417px; height: 20px;\"><strong>2023<\/strong><\/td>\n<td style=\"width: 284.433px; height: 20px;\"><\/td>\n<\/tr>\n<tr style=\"height: 65px;\">\n<td style=\"width: 276.417px; height: 65px;\"><strong><a href=\"http:\/\/www.drecksklub.de\/wp-content\/uploads\/2023\/11\/Flyer_DK_LaBummVorne_KLEINklein.jpg\" target=\"_blank\" rel=\"noopener\"><img loading=\"lazy\" decoding=\"async\" class=\"alignnone wp-image-620\" src=\"http:\/\/www.drecksklub.de\/wp-content\/uploads\/2023\/11\/Flyer_DK_LaBummVorne_KLEINklein.jpg\" alt=\"\" width=\"31\" height=\"61\" srcset=\"https:\/\/www.drecksklub.de\/wp-content\/uploads\/2023\/11\/Flyer_DK_LaBummVorne_KLEINklein.jpg 255w, https:\/\/www.drecksklub.de\/wp-content\/uploads\/2023\/11\/Flyer_DK_LaBummVorne_KLEINklein-153x300.jpg 153w\" sizes=\"(max-width: 31px) 100vw, 31px\" \/><\/a><\/strong><\/td>\n<td style=\"width: 284.433px; height: 65px;\">(21) Der Drecksklub &#8211; La Bumm, die Fete (Dez 23) &#8211; entf\u00e4llt wegen Krankheit<\/td>\n<\/tr>\n<tr style=\"height: 20px;\">\n<td style=\"width: 276.417px; height: 20px;\"><strong>2022<\/strong><\/td>\n<td style=\"width: 284.433px; height: 20px;\"><\/td>\n<\/tr>\n<tr style=\"height: 65px;\">\n<td style=\"width: 276.417px; height: 65px;\"><strong><a href=\"http:\/\/www.drecksklub.de\/wp-content\/uploads\/2022\/10\/KLEIN_Flyer_DK_LiedvDreck_Vorne.jpg\" target=\"_blank\" rel=\"noopener\"><img loading=\"lazy\" decoding=\"async\" class=\"alignnone wp-image-595\" src=\"http:\/\/www.drecksklub.de\/wp-content\/uploads\/2022\/10\/KLEIN_Flyer_DK_LiedvDreck_Vorne-153x300.jpg\" alt=\"\" width=\"31\" height=\"61\" srcset=\"https:\/\/www.drecksklub.de\/wp-content\/uploads\/2022\/10\/KLEIN_Flyer_DK_LiedvDreck_Vorne-153x300.jpg 153w, https:\/\/www.drecksklub.de\/wp-content\/uploads\/2022\/10\/KLEIN_Flyer_DK_LiedvDreck_Vorne.jpg 306w\" sizes=\"(max-width: 31px) 100vw, 31px\" \/><\/a><\/strong><\/td>\n<td style=\"width: 284.433px; height: 65px;\">(20) Der Drecksklub &#8211; Spiel mir das Lied vom Dreck\u00a0 (Dez 22)<\/td>\n<\/tr>\n<tr style=\"height: 65px;\">\n<td style=\"width: 276.417px; height: 65px;\"><strong><a href=\"http:\/\/www.drecksklub.de\/wp-content\/uploads\/2021\/12\/Flyer_DK_Wiederer\u00f6ffnung_Vorne.jpg\" target=\"_blank\" rel=\"noopener\"><img loading=\"lazy\" decoding=\"async\" class=\"alignnone wp-image-589\" src=\"http:\/\/www.drecksklub.de\/wp-content\/uploads\/2021\/12\/Flyer_DK_Wiederer\u00f6ffnung_Vorne-153x300.jpg\" alt=\"\" width=\"31\" height=\"61\" srcset=\"https:\/\/www.drecksklub.de\/wp-content\/uploads\/2021\/12\/Flyer_DK_Wiederer\u00f6ffnung_Vorne-153x300.jpg 153w, https:\/\/www.drecksklub.de\/wp-content\/uploads\/2021\/12\/Flyer_DK_Wiederer\u00f6ffnung_Vorne-768x1508.jpg 768w, https:\/\/www.drecksklub.de\/wp-content\/uploads\/2021\/12\/Flyer_DK_Wiederer\u00f6ffnung_Vorne-522x1024.jpg 522w\" sizes=\"(max-width: 31px) 100vw, 31px\" \/><\/a><\/strong><\/td>\n<td style=\"width: 284.433px; height: 65px;\">(19) Der Drecksklub &#8211; Die Wiederer\u00f6ffnung\u00a0 (M\u00e4rz 22)<\/td>\n<\/tr>\n<tr style=\"height: 20px;\">\n<td style=\"width: 276.417px; height: 20px;\"><strong>2021<\/strong><\/td>\n<td style=\"width: 284.433px; height: 20px;\"><\/td>\n<\/tr>\n<tr style=\"height: 65px;\">\n<td style=\"width: 276.417px; height: 65px;\"><a href=\"http:\/\/www.drecksklub.de\/wp-content\/uploads\/2021\/12\/Flyer_DK_Wiederer\u00f6ffnung_Vorne.jpg\" target=\"_blank\" rel=\"noopener\"><img loading=\"lazy\" decoding=\"async\" class=\"alignnone wp-image-589\" src=\"http:\/\/www.drecksklub.de\/wp-content\/uploads\/2021\/12\/Flyer_DK_Wiederer\u00f6ffnung_Vorne-153x300.jpg\" alt=\"\" width=\"31\" height=\"61\" srcset=\"https:\/\/www.drecksklub.de\/wp-content\/uploads\/2021\/12\/Flyer_DK_Wiederer\u00f6ffnung_Vorne-153x300.jpg 153w, https:\/\/www.drecksklub.de\/wp-content\/uploads\/2021\/12\/Flyer_DK_Wiederer\u00f6ffnung_Vorne-768x1508.jpg 768w, https:\/\/www.drecksklub.de\/wp-content\/uploads\/2021\/12\/Flyer_DK_Wiederer\u00f6ffnung_Vorne-522x1024.jpg 522w\" sizes=\"(max-width: 31px) 100vw, 31px\" \/><\/a><\/td>\n<td style=\"width: 284.433px; height: 65px;\">Dezember 2021 f\u00e4llt Corona-bedingt aus!<\/td>\n<\/tr>\n<tr style=\"height: 65px;\">\n<td style=\"width: 276.417px; height: 65px;\"><a href=\"http:\/\/www.drecksklub.de\/wp-content\/uploads\/2021\/03\/FacebookpostAusfall.jpg\" target=\"_blank\" rel=\"noopener\"><img loading=\"lazy\" decoding=\"async\" class=\"alignnone wp-image-578\" src=\"http:\/\/www.drecksklub.de\/wp-content\/uploads\/2021\/03\/FacebookpostAusfall-153x300.jpg\" alt=\"\" width=\"31\" height=\"61\" srcset=\"https:\/\/www.drecksklub.de\/wp-content\/uploads\/2021\/03\/FacebookpostAusfall-153x300.jpg 153w, https:\/\/www.drecksklub.de\/wp-content\/uploads\/2021\/03\/FacebookpostAusfall-768x1508.jpg 768w, https:\/\/www.drecksklub.de\/wp-content\/uploads\/2021\/03\/FacebookpostAusfall-522x1024.jpg 522w\" sizes=\"(max-width: 31px) 100vw, 31px\" \/><\/a><\/td>\n<td style=\"width: 284.433px; height: 65px;\">Dezember 2020 f\u00e4llt Corona-bedingt aus!<\/td>\n<\/tr>\n<tr style=\"height: 20px;\">\n<td style=\"text-align: left; width: 276.417px; height: 20px;\"><strong>2020<\/strong><\/td>\n<td style=\"width: 284.433px; height: 20px;\"><\/td>\n<\/tr>\n<tr style=\"height: 65px;\">\n<td style=\"text-align: left; width: 276.417px; height: 65px;\"><a href=\"http:\/\/www.drecksklub.de\/wp-content\/uploads\/2021\/03\/Flyer_donthappybeworry_Vorne.jpg\" target=\"_blank\" rel=\"noopener\"><img loading=\"lazy\" decoding=\"async\" class=\"alignnone wp-image-577\" src=\"http:\/\/www.drecksklub.de\/wp-content\/uploads\/2021\/03\/Flyer_donthappybeworry_Vorne-153x300.jpg\" alt=\"\" width=\"31\" height=\"61\" srcset=\"https:\/\/www.drecksklub.de\/wp-content\/uploads\/2021\/03\/Flyer_donthappybeworry_Vorne-153x300.jpg 153w, https:\/\/www.drecksklub.de\/wp-content\/uploads\/2021\/03\/Flyer_donthappybeworry_Vorne-768x1508.jpg 768w, https:\/\/www.drecksklub.de\/wp-content\/uploads\/2021\/03\/Flyer_donthappybeworry_Vorne-522x1024.jpg 522w\" sizes=\"(max-width: 31px) 100vw, 31px\" \/><\/a><\/td>\n<td style=\"width: 284.433px; height: 65px;\">Mai 2020 f\u00e4llt Corona-bedingt aus!<\/td>\n<\/tr>\n<tr style=\"height: 20px;\">\n<td style=\"text-align: left; width: 276.417px; height: 20px;\">\u00a0<strong>2019<\/strong><\/td>\n<td style=\"width: 284.433px; height: 20px;\"><\/td>\n<\/tr>\n<tr style=\"height: 65px;\">\n<td style=\"text-align: left; width: 276.417px; height: 65px;\"><a href=\"http:\/\/www.drecksklub.de\/wp-content\/uploads\/2019\/11\/Flyer_Mortale_Vorderseite_kleinWEB-1.jpg\" target=\"_blank\" rel=\"noopener\"><img loading=\"lazy\" decoding=\"async\" class=\"wp-image-567\" src=\"http:\/\/www.drecksklub.de\/wp-content\/uploads\/2019\/11\/Flyer_Mortale_Vorderseite_kleinWEB-1-153x300.jpg\" alt=\"\" width=\"31\" height=\"60\" srcset=\"https:\/\/www.drecksklub.de\/wp-content\/uploads\/2019\/11\/Flyer_Mortale_Vorderseite_kleinWEB-1-153x300.jpg 153w, https:\/\/www.drecksklub.de\/wp-content\/uploads\/2019\/11\/Flyer_Mortale_Vorderseite_kleinWEB-1-768x1507.jpg 768w, https:\/\/www.drecksklub.de\/wp-content\/uploads\/2019\/11\/Flyer_Mortale_Vorderseite_kleinWEB-1-522x1024.jpg 522w, https:\/\/www.drecksklub.de\/wp-content\/uploads\/2019\/11\/Flyer_Mortale_Vorderseite_kleinWEB-1.jpg 1019w\" sizes=\"(max-width: 31px) 100vw, 31px\" \/><\/a><\/td>\n<td style=\"width: 284.433px; height: 65px;\">(18) Der Drecksklub &#8211; Mortale\u00a0 (Dez 19)<\/td>\n<\/tr>\n<tr style=\"height: 65px;\">\n<td style=\"text-align: left; width: 276.417px; height: 65px;\"><a href=\"http:\/\/www.drecksklub.de\/wp-content\/uploads\/2019\/05\/KLEINkleinFlyer_Dreckskidestory_Vorderseite_mitLog.jpg\" target=\"_blank\" rel=\"noopener\"><img loading=\"lazy\" decoding=\"async\" class=\"alignnone wp-image-555\" src=\"http:\/\/www.drecksklub.de\/wp-content\/uploads\/2019\/05\/KLEINkleinFlyer_Dreckskidestory_Vorderseite_mitLog-153x300.jpg\" alt=\"\" width=\"31\" height=\"60\" srcset=\"https:\/\/www.drecksklub.de\/wp-content\/uploads\/2019\/05\/KLEINkleinFlyer_Dreckskidestory_Vorderseite_mitLog-153x300.jpg 153w, https:\/\/www.drecksklub.de\/wp-content\/uploads\/2019\/05\/KLEINkleinFlyer_Dreckskidestory_Vorderseite_mitLog.jpg 509w\" sizes=\"(max-width: 31px) 100vw, 31px\" \/><\/a><\/td>\n<td style=\"width: 284.433px; height: 65px;\">(17) Der Drecksklub &#8211; Dreck Side Story (Mai 19)<\/td>\n<\/tr>\n<tr style=\"height: 20px;\">\n<td style=\"text-align: left; width: 276.417px; height: 20px;\"><strong>2018<\/strong><\/td>\n<td style=\"width: 284.433px; height: 20px;\"><\/td>\n<\/tr>\n<tr style=\"height: 46px;\">\n<td style=\"text-align: left; width: 276.417px; height: 46px;\"><a href=\"http:\/\/www.drecksklub.de\/wp-content\/uploads\/2018\/10\/Flyer_Rouge_Vorderseite_kleinHOmepage.jpg\" target=\"_blank\" rel=\"noopener\"><img loading=\"lazy\" decoding=\"async\" class=\"alignleft wp-image-541\" src=\"http:\/\/www.drecksklub.de\/wp-content\/uploads\/2018\/10\/Flyer_Rouge_Vorderseite_kleinHOmepage-300x153.jpg\" alt=\"\" width=\"60\" height=\"31\" srcset=\"https:\/\/www.drecksklub.de\/wp-content\/uploads\/2018\/10\/Flyer_Rouge_Vorderseite_kleinHOmepage-300x153.jpg 300w, https:\/\/www.drecksklub.de\/wp-content\/uploads\/2018\/10\/Flyer_Rouge_Vorderseite_kleinHOmepage-768x391.jpg 768w, https:\/\/www.drecksklub.de\/wp-content\/uploads\/2018\/10\/Flyer_Rouge_Vorderseite_kleinHOmepage.jpg 1000w\" sizes=\"(max-width: 60px) 100vw, 60px\" \/><\/a><\/td>\n<td style=\"width: 284.433px; height: 46px;\">(16) Der Drecksklub &#8211; Rouge (Dez 18)<\/td>\n<\/tr>\n<tr style=\"height: 20px;\">\n<td style=\"text-align: left; width: 276.417px; height: 20px;\"><\/td>\n<td style=\"width: 284.433px; height: 20px;\"><\/td>\n<\/tr>\n<tr style=\"height: 62px;\">\n<td style=\"text-align: right; width: 276.417px; height: 62px;\"><a href=\"http:\/\/www.drecksklub.de\/wp-content\/uploads\/2018\/03\/15-Flyer-Living-Dreck.jpg\" target=\"_blank\" rel=\"noopener\"><img loading=\"lazy\" decoding=\"async\" class=\"wp-image-257 alignleft\" src=\"http:\/\/www.drecksklub.de\/wp-content\/uploads\/2018\/03\/15-Flyer-Living-Dreck.jpg\" alt=\"\" width=\"60\" height=\"31\" srcset=\"https:\/\/www.drecksklub.de\/wp-content\/uploads\/2018\/03\/15-Flyer-Living-Dreck.jpg 678w, https:\/\/www.drecksklub.de\/wp-content\/uploads\/2018\/03\/15-Flyer-Living-Dreck-300x153.jpg 300w\" sizes=\"(max-width: 60px) 100vw, 60px\" \/><\/a><\/td>\n<td style=\"width: 284.433px; height: 62px;\">(15) Der Drecksklub \u2013 The night of the living Dreck<br \/>\n(Apr 18)<\/td>\n<\/tr>\n<tr style=\"height: 20px;\">\n<td style=\"text-align: right; width: 276.417px; height: 20px;\"><\/td>\n<td style=\"width: 284.433px; height: 20px;\"><\/td>\n<\/tr>\n<tr style=\"height: 20px;\">\n<td style=\"text-align: left; width: 276.417px; height: 20px;\"><strong>2017<\/strong><\/td>\n<td style=\"width: 284.433px; height: 20px;\"><\/td>\n<\/tr>\n<tr style=\"height: 76px;\">\n<td style=\"text-align: right; width: 276.417px; height: 76px;\"><a href=\"http:\/\/www.drecksklub.de\/wp-content\/uploads\/2018\/03\/14-Flyer-Furioso.jpg\" target=\"_blank\" rel=\"noopener\"><img loading=\"lazy\" decoding=\"async\" class=\"alignleft wp-image-256\" src=\"http:\/\/www.drecksklub.de\/wp-content\/uploads\/2018\/03\/14-Flyer-Furioso.jpg\" alt=\"\" width=\"31\" height=\"60\" srcset=\"https:\/\/www.drecksklub.de\/wp-content\/uploads\/2018\/03\/14-Flyer-Furioso.jpg 345w, https:\/\/www.drecksklub.de\/wp-content\/uploads\/2018\/03\/14-Flyer-Furioso-153x300.jpg 153w\" sizes=\"(max-width: 31px) 100vw, 31px\" \/><\/a><\/td>\n<td style=\"width: 284.433px; height: 76px;\">(14) Der Drecksklub \u2013 Furioso! (Dez 17)<\/td>\n<\/tr>\n<tr style=\"height: 76px;\">\n<td style=\"text-align: right; width: 276.417px; height: 76px;\"><a href=\"http:\/\/www.drecksklub.de\/wp-content\/uploads\/2018\/03\/13-Flyer-Drecksklub.jpg\" target=\"_blank\" rel=\"noopener\"><img loading=\"lazy\" decoding=\"async\" class=\"alignleft wp-image-255\" src=\"http:\/\/www.drecksklub.de\/wp-content\/uploads\/2018\/03\/13-Flyer-Drecksklub.jpg\" alt=\"\" width=\"31\" height=\"60\" srcset=\"https:\/\/www.drecksklub.de\/wp-content\/uploads\/2018\/03\/13-Flyer-Drecksklub.jpg 345w, https:\/\/www.drecksklub.de\/wp-content\/uploads\/2018\/03\/13-Flyer-Drecksklub-153x300.jpg 153w\" sizes=\"(max-width: 31px) 100vw, 31px\" \/><\/a><\/td>\n<td style=\"width: 284.433px; height: 76px;\">(13) Der Drecksklub \u2013 NOIR (Sept 17)<\/td>\n<\/tr>\n<tr style=\"height: 45px;\">\n<td style=\"text-align: right; width: 276.417px; height: 45px;\"><a href=\"http:\/\/www.drecksklub.de\/wp-content\/uploads\/2018\/03\/12-Flyer-Drecksklub.jpg\" target=\"_blank\" rel=\"noopener\"><img loading=\"lazy\" decoding=\"async\" class=\"wp-image-254 alignleft\" src=\"http:\/\/www.drecksklub.de\/wp-content\/uploads\/2018\/03\/12-Flyer-Drecksklub.jpg\" alt=\"\" width=\"60\" height=\"30\" srcset=\"https:\/\/www.drecksklub.de\/wp-content\/uploads\/2018\/03\/12-Flyer-Drecksklub.jpg 678w, https:\/\/www.drecksklub.de\/wp-content\/uploads\/2018\/03\/12-Flyer-Drecksklub-300x150.jpg 300w\" sizes=\"(max-width: 60px) 100vw, 60px\" \/><\/a><\/td>\n<td style=\"width: 284.433px; height: 45px;\">(12) Der Drecksklub \u2013 ZW\u00d6LF. Es war einmal (Mai 17)<\/td>\n<\/tr>\n<tr style=\"height: 20px;\">\n<td style=\"text-align: right; width: 276.417px; height: 20px;\"><\/td>\n<td style=\"width: 284.433px; height: 20px;\"><\/td>\n<\/tr>\n<tr style=\"height: 20px;\">\n<td style=\"text-align: left; width: 276.417px; height: 20px;\"><strong>2016<\/strong><\/td>\n<td style=\"width: 284.433px; height: 20px;\"><\/td>\n<\/tr>\n<tr style=\"height: 48px;\">\n<td style=\"text-align: right; width: 276.417px; height: 48px;\"><a href=\"http:\/\/www.drecksklub.de\/wp-content\/uploads\/2018\/03\/11-Flyer-Beach.jpg\" target=\"_blank\" rel=\"noopener\"><img loading=\"lazy\" decoding=\"async\" class=\"wp-image-253 alignleft\" src=\"http:\/\/www.drecksklub.de\/wp-content\/uploads\/2018\/03\/11-Flyer-Beach.jpg\" alt=\"\" width=\"60\" height=\"32\" srcset=\"https:\/\/www.drecksklub.de\/wp-content\/uploads\/2018\/03\/11-Flyer-Beach.jpg 678w, https:\/\/www.drecksklub.de\/wp-content\/uploads\/2018\/03\/11-Flyer-Beach-300x162.jpg 300w\" sizes=\"(max-width: 60px) 100vw, 60px\" \/><\/a><\/td>\n<td style=\"width: 284.433px; height: 48px;\">(11) Drecks on the Beach (Dez 16)<\/td>\n<\/tr>\n<tr style=\"height: 45px;\">\n<td style=\"text-align: right; width: 276.417px; height: 45px;\"><a href=\"http:\/\/www.drecksklub.de\/wp-content\/uploads\/2018\/03\/10-Flyer-DK.jpg\" target=\"_blank\" rel=\"noopener\"><img loading=\"lazy\" decoding=\"async\" class=\"alignleft wp-image-252\" src=\"http:\/\/www.drecksklub.de\/wp-content\/uploads\/2018\/03\/10-Flyer-DK.jpg\" alt=\"\" width=\"60\" height=\"30\" srcset=\"https:\/\/www.drecksklub.de\/wp-content\/uploads\/2018\/03\/10-Flyer-DK.jpg 678w, https:\/\/www.drecksklub.de\/wp-content\/uploads\/2018\/03\/10-Flyer-DK-300x149.jpg 300w\" sizes=\"(max-width: 60px) 100vw, 60px\" \/><\/a><\/td>\n<td style=\"width: 284.433px; height: 45px;\">(10) Der Drecksklub \u2013 Das ganz gro\u00dfe Ding (Sept 2016)<\/td>\n<\/tr>\n<tr style=\"height: 64px;\">\n<td style=\"text-align: left; width: 276.417px; height: 64px;\"><a href=\"http:\/\/www.drecksklub.de\/wp-content\/uploads\/2018\/03\/99_Flyer_Festival_Theaterformen.jpg\"><img loading=\"lazy\" decoding=\"async\" class=\"alignnone wp-image-466\" src=\"http:\/\/www.drecksklub.de\/wp-content\/uploads\/2018\/03\/99_Flyer_Festival_Theaterformen.jpg\" alt=\"\" width=\"58\" height=\"60\" srcset=\"https:\/\/www.drecksklub.de\/wp-content\/uploads\/2018\/03\/99_Flyer_Festival_Theaterformen.jpg 661w, https:\/\/www.drecksklub.de\/wp-content\/uploads\/2018\/03\/99_Flyer_Festival_Theaterformen-292x300.jpg 292w\" sizes=\"(max-width: 58px) 100vw, 58px\" \/><\/a><\/td>\n<td style=\"width: 284.433px; height: 64px;\">Der Drecksklub beim FESTIVAL THEATERFORMEN (Konzert &#8211; Juni 2016)<\/td>\n<\/tr>\n<tr style=\"height: 46px;\">\n<td style=\"text-align: right; width: 276.417px; height: 46px;\"><a href=\"http:\/\/www.drecksklub.de\/wp-content\/uploads\/2018\/03\/9-LOVE-Drecksklub-Flyer-Front.jpg\" target=\"_blank\" rel=\"noopener\"><img loading=\"lazy\" decoding=\"async\" class=\"wp-image-251 alignleft\" src=\"http:\/\/www.drecksklub.de\/wp-content\/uploads\/2018\/03\/9-LOVE-Drecksklub-Flyer-Front.jpg\" alt=\"\" width=\"60\" height=\"30\" srcset=\"https:\/\/www.drecksklub.de\/wp-content\/uploads\/2018\/03\/9-LOVE-Drecksklub-Flyer-Front.jpg 678w, https:\/\/www.drecksklub.de\/wp-content\/uploads\/2018\/03\/9-LOVE-Drecksklub-Flyer-Front-300x150.jpg 300w\" sizes=\"(max-width: 60px) 100vw, 60px\" \/><\/a><\/td>\n<td style=\"width: 284.433px; height: 46px;\">(09) The Drecksklub in Love (M\u00e4rz 2016)<\/td>\n<\/tr>\n<tr style=\"height: 20px;\">\n<td style=\"text-align: right; width: 276.417px; height: 20px;\"><\/td>\n<td style=\"width: 284.433px; height: 20px;\"><\/td>\n<\/tr>\n<tr style=\"height: 20px;\">\n<td style=\"text-align: left; width: 276.417px; height: 20px;\"><strong>2015<\/strong><\/td>\n<td style=\"width: 284.433px; height: 20px;\"><\/td>\n<\/tr>\n<tr style=\"height: 47px;\">\n<td style=\"text-align: right; width: 276.417px; height: 47px;\"><a href=\"http:\/\/www.drecksklub.de\/wp-content\/uploads\/2018\/03\/8-Flyer-xmasbild.jpg\" target=\"_blank\" rel=\"noopener\"><img loading=\"lazy\" decoding=\"async\" class=\"wp-image-250 alignleft\" src=\"http:\/\/www.drecksklub.de\/wp-content\/uploads\/2018\/03\/8-Flyer-xmasbild.jpg\" alt=\"\" width=\"60\" height=\"32\" srcset=\"https:\/\/www.drecksklub.de\/wp-content\/uploads\/2018\/03\/8-Flyer-xmasbild.jpg 678w, https:\/\/www.drecksklub.de\/wp-content\/uploads\/2018\/03\/8-Flyer-xmasbild-300x159.jpg 300w\" sizes=\"(max-width: 60px) 100vw, 60px\" \/><\/a><\/td>\n<td style=\"width: 284.433px; height: 47px;\">(8) Der Drecksklub &#8211; The return of the X-Mas Shit (Dez 2015)<\/td>\n<\/tr>\n<tr style=\"height: 45px;\">\n<td style=\"text-align: right; width: 276.417px; height: 45px;\"><a href=\"http:\/\/www.drecksklub.de\/wp-content\/uploads\/2018\/03\/7-Flyer-Kohlrabenschwarz.jpg\" target=\"_blank\" rel=\"noopener\"><img loading=\"lazy\" decoding=\"async\" class=\"wp-image-249 alignleft\" src=\"http:\/\/www.drecksklub.de\/wp-content\/uploads\/2018\/03\/7-Flyer-Kohlrabenschwarz.jpg\" alt=\"\" width=\"60\" height=\"30\" srcset=\"https:\/\/www.drecksklub.de\/wp-content\/uploads\/2018\/03\/7-Flyer-Kohlrabenschwarz.jpg 678w, https:\/\/www.drecksklub.de\/wp-content\/uploads\/2018\/03\/7-Flyer-Kohlrabenschwarz-300x149.jpg 300w\" sizes=\"(max-width: 60px) 100vw, 60px\" \/><\/a><\/td>\n<td style=\"width: 284.433px; height: 45px;\">(7) Drecksklub \u2013 Kohlrabenschwarz (Okt 2015)<\/td>\n<\/tr>\n<tr style=\"height: 50px;\">\n<td style=\"text-align: right; width: 276.417px; height: 50px;\"><a href=\"http:\/\/www.drecksklub.de\/wp-content\/uploads\/2018\/03\/6-Flyer-hart-backbord.jpg\" target=\"_blank\" rel=\"noopener\"><img loading=\"lazy\" decoding=\"async\" class=\"wp-image-248 alignleft\" src=\"http:\/\/www.drecksklub.de\/wp-content\/uploads\/2018\/03\/6-Flyer-hart-backbord.jpg\" alt=\"\" width=\"61\" height=\"34\" srcset=\"https:\/\/www.drecksklub.de\/wp-content\/uploads\/2018\/03\/6-Flyer-hart-backbord.jpg 678w, https:\/\/www.drecksklub.de\/wp-content\/uploads\/2018\/03\/6-Flyer-hart-backbord-300x168.jpg 300w\" sizes=\"(max-width: 61px) 100vw, 61px\" \/><\/a><\/td>\n<td style=\"width: 284.433px; height: 50px;\">(6) Drecksklub Hart Backbord (April 2015)<\/td>\n<\/tr>\n<tr style=\"height: 20px;\">\n<td style=\"text-align: right; width: 276.417px; height: 20px;\"><\/td>\n<td style=\"width: 284.433px; height: 20px;\"><\/td>\n<\/tr>\n<tr style=\"height: 20px;\">\n<td style=\"text-align: left; width: 276.417px; height: 20px;\"><strong>2014<\/strong><\/td>\n<td style=\"width: 284.433px; height: 20px;\"><\/td>\n<\/tr>\n<tr style=\"height: 45px;\">\n<td style=\"text-align: right; width: 276.417px; height: 45px;\"><a href=\"http:\/\/www.drecksklub.de\/wp-content\/uploads\/2018\/03\/5-Flyer-Weihnachten.jpg\" target=\"_blank\" rel=\"noopener\"><img loading=\"lazy\" decoding=\"async\" class=\"wp-image-247 alignleft\" src=\"http:\/\/www.drecksklub.de\/wp-content\/uploads\/2018\/03\/5-Flyer-Weihnachten.jpg\" alt=\"\" width=\"60\" height=\"30\" srcset=\"https:\/\/www.drecksklub.de\/wp-content\/uploads\/2018\/03\/5-Flyer-Weihnachten.jpg 678w, https:\/\/www.drecksklub.de\/wp-content\/uploads\/2018\/03\/5-Flyer-Weihnachten-300x149.jpg 300w\" sizes=\"(max-width: 60px) 100vw, 60px\" \/><\/a><\/td>\n<td style=\"width: 284.433px; height: 45px;\">(5) Weihnachten im Drecksklub (Dez 2014)<\/td>\n<\/tr>\n<tr style=\"height: 46px;\">\n<td style=\"text-align: right; width: 276.417px; height: 46px;\"><a href=\"http:\/\/www.drecksklub.de\/wp-content\/uploads\/2018\/03\/4-Flyer-Wilma.jpg\" target=\"_blank\" rel=\"noopener\"><img loading=\"lazy\" decoding=\"async\" class=\"wp-image-246 alignleft\" src=\"http:\/\/www.drecksklub.de\/wp-content\/uploads\/2018\/03\/4-Flyer-Wilma.jpg\" alt=\"\" width=\"60\" height=\"30\" srcset=\"https:\/\/www.drecksklub.de\/wp-content\/uploads\/2018\/03\/4-Flyer-Wilma.jpg 678w, https:\/\/www.drecksklub.de\/wp-content\/uploads\/2018\/03\/4-Flyer-Wilma-300x150.jpg 300w\" sizes=\"(max-width: 60px) 100vw, 60px\" \/><\/a><\/td>\n<td style=\"width: 284.433px; height: 46px;\">(4) Der Drecksklub: Wilma mir graut vor dir (Juli 2014)<\/td>\n<\/tr>\n<tr style=\"height: 80px;\">\n<td style=\"text-align: right; width: 276.417px; height: 80px;\"><a href=\"http:\/\/www.drecksklub.de\/wp-content\/uploads\/2018\/03\/3-Flyer-Arbeitskampf.jpg\" target=\"_blank\" rel=\"noopener\"><img loading=\"lazy\" decoding=\"async\" class=\"wp-image-245 aligncenter\" src=\"http:\/\/www.drecksklub.de\/wp-content\/uploads\/2018\/03\/3-Flyer-Arbeitskampf.jpg\" alt=\"\" width=\"30\" height=\"60\" srcset=\"https:\/\/www.drecksklub.de\/wp-content\/uploads\/2018\/03\/3-Flyer-Arbeitskampf.jpg 340w, https:\/\/www.drecksklub.de\/wp-content\/uploads\/2018\/03\/3-Flyer-Arbeitskampf-150x300.jpg 150w\" sizes=\"(max-width: 30px) 100vw, 30px\" \/><\/a><\/td>\n<td style=\"width: 284.433px; height: 80px;\">(3) Arbeitskampf im Drecksklub ( Mai 2014)<\/td>\n<\/tr>\n<tr style=\"height: 45px;\">\n<td style=\"text-align: right; width: 276.417px; height: 45px;\"><a href=\"http:\/\/www.drecksklub.de\/wp-content\/uploads\/2018\/03\/2-Flyer-Tastentaumel.jpg\" target=\"_blank\" rel=\"noopener\"><img loading=\"lazy\" decoding=\"async\" class=\"wp-image-244 alignleft\" src=\"http:\/\/www.drecksklub.de\/wp-content\/uploads\/2018\/03\/2-Flyer-Tastentaumel.jpg\" alt=\"\" width=\"60\" height=\"30\" srcset=\"https:\/\/www.drecksklub.de\/wp-content\/uploads\/2018\/03\/2-Flyer-Tastentaumel.jpg 678w, https:\/\/www.drecksklub.de\/wp-content\/uploads\/2018\/03\/2-Flyer-Tastentaumel-300x149.jpg 300w\" sizes=\"(max-width: 60px) 100vw, 60px\" \/><\/a><\/td>\n<td style=\"width: 284.433px; height: 45px;\">(2) Der Drecksklub zum Tastentaumel (M\u00e4rz 2014)<\/td>\n<\/tr>\n<tr style=\"height: 20px;\">\n<td style=\"text-align: right; width: 276.417px; height: 20px;\"><\/td>\n<td style=\"width: 284.433px; height: 20px;\"><\/td>\n<\/tr>\n<tr style=\"height: 20px;\">\n<td style=\"text-align: left; width: 276.417px; height: 20px;\"><strong>2013<\/strong><\/td>\n<td style=\"width: 284.433px; height: 20px;\"><\/td>\n<\/tr>\n<tr style=\"height: 80px;\">\n<td style=\"text-align: right; width: 276.417px; height: 80px;\"><a href=\"http:\/\/www.drecksklub.de\/wp-content\/uploads\/2018\/03\/1-Flyer-Drecksklub-1.jpg\" target=\"_blank\" rel=\"noopener\"><img loading=\"lazy\" decoding=\"async\" class=\"wp-image-243 aligncenter\" src=\"http:\/\/www.drecksklub.de\/wp-content\/uploads\/2018\/03\/1-Flyer-Drecksklub-1.jpg\" alt=\"\" width=\"30\" height=\"60\" srcset=\"https:\/\/www.drecksklub.de\/wp-content\/uploads\/2018\/03\/1-Flyer-Drecksklub-1.jpg 340w, https:\/\/www.drecksklub.de\/wp-content\/uploads\/2018\/03\/1-Flyer-Drecksklub-1-150x300.jpg 150w\" sizes=\"(max-width: 30px) 100vw, 30px\" \/><\/a><\/td>\n<td style=\"width: 284.433px; height: 80px;\">(1) Drecksklub (Dez 2013)<\/td>\n<\/tr>\n<\/tbody>\n<\/table>\n","protected":false},"excerpt":{"rendered":"<p>Chronologie des Drecks seit 2013 Flyeransichten Zur Vergr\u00f6\u00dferung auf den Flyer klicken. 2025 (23) Der Drecksklub &#8211; Mutter aller Missverst\u00e4ndnisse\u00a0 (Dez 25) Der Drecksklub LIVE &#8211; Sommerfest im KULT Theater (August 25) 2024 (22) Der Drecksklub &#8211; im Zirkus! (21) Der Drecksklub &#8211; La Bumm, die Fete (M\u00e4rz 24) 2023 (21) Der Drecksklub &#8211; La &hellip; <\/p>\n<p class=\"link-more\"><a href=\"https:\/\/www.drecksklub.de\/?page_id=50\" class=\"more-link\"><span class=\"screen-reader-text\">\u201eHistorie\u201c<\/span> weiterlesen<\/a><\/p>\n","protected":false},"author":2,"featured_media":0,"parent":0,"menu_order":2,"comment_status":"closed","ping_status":"closed","template":"","meta":{"footnotes":""},"class_list":["post-50","page","type-page","status-publish","hentry"],"_links":{"self":[{"href":"https:\/\/www.drecksklub.de\/index.php?rest_route=\/wp\/v2\/pages\/50"}],"collection":[{"href":"https:\/\/www.drecksklub.de\/index.php?rest_route=\/wp\/v2\/pages"}],"about":[{"href":"https:\/\/www.drecksklub.de\/index.php?rest_route=\/wp\/v2\/types\/page"}],"author":[{"embeddable":true,"href":"https:\/\/www.drecksklub.de\/index.php?rest_route=\/wp\/v2\/users\/2"}],"replies":[{"embeddable":true,"href":"https:\/\/www.drecksklub.de\/index.php?rest_route=%2Fwp%2Fv2%2Fcomments&post=50"}],"version-history":[{"count":79,"href":"https:\/\/www.drecksklub.de\/index.php?rest_route=\/wp\/v2\/pages\/50\/revisions"}],"predecessor-version":[{"id":776,"href":"https:\/\/www.drecksklub.de\/index.php?rest_route=\/wp\/v2\/pages\/50\/revisions\/776"}],"wp:attachment":[{"href":"https:\/\/www.drecksklub.de\/index.php?rest_route=%2Fwp%2Fv2%2Fmedia&parent=50"}],"curies":[{"name":"wp","href":"https:\/\/api.w.org\/{rel}","templated":true}]}}